{"id":113,"date":"2017-03-27T11:51:02","date_gmt":"2017-03-27T09:51:02","guid":{"rendered":"http:\/\/www.progepi.fr\/?page_id=113"},"modified":"2018-02-09T16:47:20","modified_gmt":"2018-02-09T15:47:20","slug":"mentions-legales","status":"publish","type":"page","link":"https:\/\/www.progepi.fr\/en\/mentions-legales\/","title":{"rendered":"Mentions l\u00e9gales"},"content":{"rendered":"<p><\/p>\n<h2>\u00c9diteur<\/h2>\n<p>Le site www.progepi.fr est \u00e9dit\u00e9 par Progepi, dont le si\u00e8ge social est 1 rue Grandville &#8211; BP 20451 &#8211; 54001 NANCY cedex<\/p>\n<p>Association sous le r\u00e9gime 1901, d\u00e9clar\u00e9e \u00e0 la Pr\u00e9fecture de Meurthe-et-Moselle sous le n\u00b0 W543003168 le 16 d\u00e9cembre 2004.<\/p>\n<ul>\n<li>N\u00b0 SIRET\u00a0: 480\u00a0652\u00a0361\u00a000019<\/li>\n<li>TVA intracommunautaire : FR 06\u00a0480\u00a0652\u00a0361<\/li>\n<li>Code NAF : 9499Z<\/li>\n<li>T\u00e9l : 03 83 17 53 93<\/li>\n<li>Directrice de la publication : H\u00e9l\u00e8ne Gu\u00e9niot<\/li>\n<\/ul>\n<h2>Cr\u00e9dit photos<\/h2>\n<p>CNRS, UL, Progepi,\u00a0GISFI, LIEC, LSE, G\u00e9oRessources, LRGP, LCPME.<\/p>\n<h2>Droit d&#8217;auteur et propri\u00e9t\u00e9 intellectuelle<\/h2>\n<p>L&#8217;ensemble de ce site rel\u00e8ve de la l\u00e9gislation fran\u00e7aise et internationale sur le droit d&#8217;auteur et la propri\u00e9t\u00e9 intellectuelle. Les noms, marques et enseignes cit\u00e9s sur ce site sont la propri\u00e9t\u00e9 de leurs d\u00e9posants respectifs. Toute utilisation ou reproduction, totale ou partielle, du site, des \u00e9l\u00e9ments qui le composent et des informations qui y figurent, par quelque proc\u00e9d\u00e9 que ce soit et sans autorisation de l&#8217;association PROGEPI, constituent une contrefa\u00e7on sanctionn\u00e9e par le Code de la propri\u00e9t\u00e9 intellectuelle.<\/p>\n<p>Toutefois, l&#8217;extraction et la reproduction des textes de ce site sur support papier est autoris\u00e9e pour un usage exclusivement interne, pour les seuls besoins propres de l&#8217;utilisateur et \u00e0 la condition de mentionner de fa\u00e7on claire et pr\u00e9cise la source.<\/p>\n<p><em>Exemple: &#8220;Ce document provient du site Internet : www.progepi.fr, il a \u00e9t\u00e9 extrait de ce site le &#8230;&#8230;&#8230;. Les droits de reproduction sont r\u00e9serv\u00e9s et strictement limit\u00e9s&#8221;.<\/em><\/p>\n<h2>Protection des donn\u00e9es personnelles<\/h2>\n<p>Conform\u00e9ment aux dispositions de la Loi Informatique et Libert\u00e9 du 6 janvier 1978 (modifi\u00e9e par la loi du 6 ao\u00fbt 2004 relative \u00e0 la protection des personnes physiques \u00e0 l&#8217;\u00e9gard des traitements de donn\u00e9es \u00e0 caract\u00e8re personnel), toute personne ayant d\u00e9pos\u00e9 sur ce site des informations directement ou indirectement nominatives dispose d&#8217;un droit d&#8217;acc\u00e8s, de modification, de rectification et de suppression des donn\u00e9es la concernant. Pour exercer ce droit, adressez vous \u00e0 PROGEPI, par courrier, t\u00e9l\u00e9phone,<\/p>","protected":false},"excerpt":{"rendered":"<p>\u00c9diteur Le site www.progepi.fr est \u00e9dit\u00e9 par Progepi, dont le si\u00e8ge social est 1 rue Grandville &#8211; BP 20451 &#8211; 54001 NANCY cedex Association sous le r\u00e9gime 1901, d\u00e9clar\u00e9e \u00e0 la Pr\u00e9fecture de Meurthe-et-Moselle sous le n\u00b0 W543003168 le 16 d\u00e9cembre 2004. N\u00b0 SIRET\u00a0: 480\u00a0652\u00a0361\u00a000019 TVA intracommunautaire : FR 06\u00a0480\u00a0652\u00a0361 Code NAF : 9499Z T\u00e9l &hellip; <a href=\"https:\/\/www.progepi.fr\/en\/mentions-legales\/\" class=\"more-link\">Continue reading<span class=\"screen-reader-text\"> &#8220;Mentions l\u00e9gales&#8221;<\/span><\/a><\/p>\n","protected":false},"author":1,"featured_media":0,"parent":0,"menu_order":89,"comment_status":"closed","ping_status":"closed","template":"","meta":[],"categories":[],"tags":[],"_links":{"self":[{"href":"https:\/\/www.progepi.fr\/en\/wp-json\/wp\/v2\/pages\/113"}],"collection":[{"href":"https:\/\/www.progepi.fr\/en\/wp-json\/wp\/v2\/pages"}],"about":[{"href":"https:\/\/www.progepi.fr\/en\/wp-json\/wp\/v2\/types\/page"}],"author":[{"embeddable":true,"href":"https:\/\/www.progepi.fr\/en\/wp-json\/wp\/v2\/users\/1"}],"replies":[{"embeddable":true,"href":"https:\/\/www.progepi.fr\/en\/wp-json\/wp\/v2\/comments?post=113"}],"version-history":[{"count":5,"href":"https:\/\/www.progepi.fr\/en\/wp-json\/wp\/v2\/pages\/113\/revisions"}],"predecessor-version":[{"id":2046,"href":"https:\/\/www.progepi.fr\/en\/wp-json\/wp\/v2\/pages\/113\/revisions\/2046"}],"wp:attachment":[{"href":"https:\/\/www.progepi.fr\/en\/wp-json\/wp\/v2\/media?parent=113"}],"wp:term":[{"taxonomy":"category","embeddable":true,"href":"https:\/\/www.progepi.fr\/en\/wp-json\/wp\/v2\/categories?post=113"},{"taxonomy":"post_tag","embeddable":true,"href":"https:\/\/www.progepi.fr\/en\/wp-json\/wp\/v2\/tags?post=113"}],"curies":[{"name":"wp","href":"https:\/\/api.w.org\/{rel}","templated":true}]}}