{"id":150,"date":"2017-03-27T15:57:45","date_gmt":"2017-03-27T13:57:45","guid":{"rendered":"http:\/\/www.progepi.fr\/?page_id=150"},"modified":"2018-02-09T14:49:45","modified_gmt":"2018-02-09T13:49:45","slug":"analyse-economique-et-environnementale","status":"publish","type":"page","link":"https:\/\/www.progepi.fr\/en\/processlab\/type-de-prestations\/analyse-economique-et-environnementale\/","title":{"rendered":"Analyse \u00e9conomique et environnementale"},"content":{"rendered":"<p><img loading=\"lazy\" class=\"aligncenter size-full wp-image-406\" src=\"http:\/\/www.progepi.fr\/wp-content\/uploads\/2017\/03\/analyse-eco-et-environnementale.jpg\" alt=\"Analyse \u00e9conomique et environnementale\" width=\"571\" height=\"432\" \/><\/p>\n<p>Les objectifs d\u2019une ACV sont multiples :<\/p>\n<ul>\n<li>Mieux conna\u00eetre un syst\u00e8me existant d\u2019un point de vue environnemental pour cibler les am\u00e9liorations les plus pertinentes qui peuvent \u00eatre apport\u00e9es. A savoir que l\u2019am\u00e9lioration du bilan environnemental d\u2019un syst\u00e8me peut \u00e9galement conduire \u00e0 des am\u00e9liorations de types \u00e9conomique et social,<\/li>\n<li>Apporter une aide \u00e0 la d\u00e9cision lors de la conception d\u2019un nouveau produit ou proc\u00e9d\u00e9,<\/li>\n<li>Communiquer de fa\u00e7on cr\u00e9dible,<\/li>\n<li>Anticiper les r\u00e9glementations \u00e0 venir en termes d\u2019\u00e9co-conception.<\/li>\n<\/ul>\n<p>Nous proposons des prestations pour caract\u00e9riser vos proc\u00e9d\u00e9s que ce soit au niveau technique et \u00e9conomique ou environnemental.<\/p>\n<p>L\u2019analyse technico-\u00e9conomique permet d\u2019\u00e9tudier la faisabilit\u00e9 de votre proc\u00e9d\u00e9 et d\u2019estimer les co\u00fbts li\u00e9s \u00e0 sa mise en \u0153uvre (construction, consommation \u00e9nerg\u00e9tique, co\u00fbt des mati\u00e8res premi\u00e8res, \u2026).<\/p>\n<p>L\u2019Analyse de Cycle de Vie (ACV) est une m\u00e9thodologie r\u00e9gie par la s\u00e9rie des normes ISO 14040 et ISO 14044 qui permet de quantifier les impacts environnementaux g\u00e9n\u00e9r\u00e9s par un syst\u00e8me (produit, proc\u00e9d\u00e9, service) sur l\u2019ensemble de son cycle de vie, c\u2019est-\u00e0-dire de l\u2019extraction des mati\u00e8res premi\u00e8res qui ont permis de le mettre en \u0153uvre, jusqu\u2019\u00e0 sa fin de vie (mise en d\u00e9charge, recyclage\u2026).<\/p>\n<p>Progepi dispose depuis 2008 du logiciel d\u2019ACV SimaPro.<\/p>","protected":false},"excerpt":{"rendered":"<p>Les objectifs d\u2019une ACV sont multiples : Mieux conna\u00eetre un syst\u00e8me existant d\u2019un point de vue environnemental pour cibler les am\u00e9liorations les plus pertinentes qui peuvent \u00eatre apport\u00e9es. A savoir que l\u2019am\u00e9lioration du bilan environnemental d\u2019un syst\u00e8me peut \u00e9galement conduire \u00e0 des am\u00e9liorations de types \u00e9conomique et social, Apporter une aide \u00e0 la d\u00e9cision lors &hellip; <a href=\"https:\/\/www.progepi.fr\/en\/processlab\/type-de-prestations\/analyse-economique-et-environnementale\/\" class=\"more-link\">Continue reading<span class=\"screen-reader-text\"> &#8220;Analyse \u00e9conomique et environnementale&#8221;<\/span><\/a><\/p>\n","protected":false},"author":1,"featured_media":0,"parent":142,"menu_order":105,"comment_status":"closed","ping_status":"closed","template":"","meta":[],"categories":[9],"tags":[],"_links":{"self":[{"href":"https:\/\/www.progepi.fr\/en\/wp-json\/wp\/v2\/pages\/150"}],"collection":[{"href":"https:\/\/www.progepi.fr\/en\/wp-json\/wp\/v2\/pages"}],"about":[{"href":"https:\/\/www.progepi.fr\/en\/wp-json\/wp\/v2\/types\/page"}],"author":[{"embeddable":true,"href":"https:\/\/www.progepi.fr\/en\/wp-json\/wp\/v2\/users\/1"}],"replies":[{"embeddable":true,"href":"https:\/\/www.progepi.fr\/en\/wp-json\/wp\/v2\/comments?post=150"}],"version-history":[{"count":6,"href":"https:\/\/www.progepi.fr\/en\/wp-json\/wp\/v2\/pages\/150\/revisions"}],"predecessor-version":[{"id":2469,"href":"https:\/\/www.progepi.fr\/en\/wp-json\/wp\/v2\/pages\/150\/revisions\/2469"}],"up":[{"embeddable":true,"href":"https:\/\/www.progepi.fr\/en\/wp-json\/wp\/v2\/pages\/142"}],"wp:attachment":[{"href":"https:\/\/www.progepi.fr\/en\/wp-json\/wp\/v2\/media?parent=150"}],"wp:term":[{"taxonomy":"category","embeddable":true,"href":"https:\/\/www.progepi.fr\/en\/wp-json\/wp\/v2\/categories?post=150"},{"taxonomy":"post_tag","embeddable":true,"href":"https:\/\/www.progepi.fr\/en\/wp-json\/wp\/v2\/tags?post=150"}],"curies":[{"name":"wp","href":"https:\/\/api.w.org\/{rel}","templated":true}]}}